{"id":24810,"date":"2022-11-24T19:55:05","date_gmt":"2022-11-24T18:55:05","guid":{"rendered":"http:\/\/strachocin.archidiecezja.wroc.pl\/_nowa-wp\/?page_id=24810"},"modified":"2023-02-08T21:33:40","modified_gmt":"2023-02-08T20:33:40","slug":"wspolnota-emaus","status":"publish","type":"page","link":"https:\/\/strachocin.archidiecezja.wroc.pl\/?page_id=24810","title":{"rendered":"Wsp\u00f3lnota Odnowy w Duch \u015awi\u0119tym &#8222;EMAUS&#8221;"},"content":{"rendered":"\n<div class=\"wp-block-columns is-layout-flex wp-container-core-columns-is-layout-1 wp-block-columns-is-layout-flex\">\n<div class=\"wp-block-column is-layout-flow wp-block-column-is-layout-flow\" style=\"flex-basis:66.66%\">\n<h3 class=\"wp-block-heading\">Spotkania: <strong>w ka\u017cdy czwartek w ko\u015bciele<\/strong><\/h3>\n\n\n\n<p>Ramowy plan spotkania:<br>18:00 Eucharystia<br>19:00 Modlitwa \u2013 wsp\u00f3lne uwielbienie Boga<br>19:40 Konferencja i ma\u0142e grupy lub agapa w salce (wg planu miesi\u0105ca)<\/p>\n<\/div>\n\n\n\n<div class=\"wp-block-column is-layout-flow wp-block-column-is-layout-flow\" style=\"flex-basis:33.33%\">\n<figure class=\"wp-block-image size-medium is-resized\"><img loading=\"lazy\" decoding=\"async\" src=\"https:\/\/i0.wp.com\/strachocin.archidiecezja.wroc.pl\/_nowa-wp\/wp-content\/uploads\/2023\/02\/Odnowa.Logo_-300x300.jpg?resize=225%2C225&#038;ssl=1\" alt=\"\" class=\"wp-image-25015\" width=\"225\" height=\"225\" srcset=\"https:\/\/i0.wp.com\/strachocin.archidiecezja.wroc.pl\/wp-content\/uploads\/2023\/02\/Odnowa.Logo_.jpg?resize=300%2C300&amp;ssl=1 300w, https:\/\/i0.wp.com\/strachocin.archidiecezja.wroc.pl\/wp-content\/uploads\/2023\/02\/Odnowa.Logo_.jpg?resize=1024%2C1024&amp;ssl=1 1024w, https:\/\/i0.wp.com\/strachocin.archidiecezja.wroc.pl\/wp-content\/uploads\/2023\/02\/Odnowa.Logo_.jpg?resize=150%2C150&amp;ssl=1 150w, https:\/\/i0.wp.com\/strachocin.archidiecezja.wroc.pl\/wp-content\/uploads\/2023\/02\/Odnowa.Logo_.jpg?resize=768%2C768&amp;ssl=1 768w, https:\/\/i0.wp.com\/strachocin.archidiecezja.wroc.pl\/wp-content\/uploads\/2023\/02\/Odnowa.Logo_.jpg?w=1124&amp;ssl=1 1124w\" sizes=\"(max-width: 225px) 100vw, 225px\" data-recalc-dims=\"1\" \/><\/figure>\n<\/div>\n<\/div>\n\n\n\n<h2 class=\"wp-block-heading\"><strong>Plan miesi\u0105ca:<\/strong><\/h2>\n\n\n\n<p><strong>Pierwszy<\/strong> czwartek miesi\u0105ca \u2013 Eucharystia, uwielbienie Boga, konferencja i ma\u0142e grupy<br><strong>Drugi <\/strong>czwartek miesi\u0105ca \u2013 Eucharystia, uwielbienie Boga, konferencja i agapa w salce na dole<br><strong>Trzeci<\/strong> czwartek miesi\u0105ca \u2013 Eucharystia, uwielbienie Boga, konferencja i ma\u0142e grupy<br><strong>Czwarty <\/strong>czwartek miesi\u0105ca \u2013 Eucharystia, uwielbienie Boga, konferencja i spotkanie zespo\u0142u przyw\u00f3dczego<\/p>\n\n\n\n<h2 class=\"wp-block-heading\"><strong>Struktura organizacyjna:<\/strong><\/h2>\n\n\n\n<p>Lider \u2013 Mariola Knoblauch; e-mail: <a href=\"mailto:mariolaknoblauch@wp.pl\">mariolaknoblauch@wp.pl<\/a> tel.: 691 260 072<br>Z-ca lidera \u2013 Alicja Samo\u0142yk; e-mail: <a href=\"mailto:alicja.samolyk@wp.pl\">alicja.samolyk@wp.pl<\/a> tel.: 606 382 620<br>Odpowiedzialny za opraw\u0119 muzyczn\u0105 \u2013 Jan Madej; e-mail: <a href=\"mailto:jan_madej@interia.pl\">jan_madej@interia.pl<\/a><br>Ks. Opiekun: ks. Wojciech Ja\u015bkiewicz<\/p>\n\n\n\n<h2 class=\"wp-block-heading\"><strong>Grupy pos\u0142ugi (diakonie):<\/strong><\/h2>\n\n\n\n<p>Diakonia modlitwy wstawienniczej \u2013 w r\u00f3\u017cnych intencjach przesy\u0142anych za po\u015brednictwem SMS (odpowiedzialna \u2013 Alicja Samo\u0142yk)<br>Diakonia ewangelizacji<br>Pomoc w Kursie Alfa we wsp\u00f3\u0142pracy z Domowym Ko\u015bcio\u0142em<br>Seminarium Odnowy Wiary w Duchu \u015awi\u0119ty<\/p>\n","protected":false},"excerpt":{"rendered":"<p>Spotkania: w ka\u017cdy czwartek w ko\u015bciele Ramowy plan spotkania:18:00 Eucharystia19:00 Modlitwa \u2013 wsp\u00f3lne uwielbienie Boga19:40 Konferencja i ma\u0142e grupy lub agapa w salce (wg planu miesi\u0105ca) Plan miesi\u0105ca: Pierwszy czwartek miesi\u0105ca \u2013 Eucharystia, uwielbienie Boga, konferencja i ma\u0142e grupyDrugi czwartek miesi\u0105ca \u2013 Eucharystia, uwielbienie Boga, konferencja i agapa w salce [&hellip;]<\/p>\n","protected":false},"author":1,"featured_media":0,"parent":24834,"menu_order":2,"comment_status":"closed","ping_status":"closed","template":"","meta":{"_uag_custom_page_level_css":"","ngg_post_thumbnail":0,"footnotes":""},"uagb_featured_image_src":{"full":false,"thumbnail":false,"medium":false,"medium_large":false,"large":false,"1536x1536":false,"2048x2048":false,"hestia-blog":false},"uagb_author_info":{"display_name":"tomekr","author_link":"https:\/\/strachocin.archidiecezja.wroc.pl\/?author=1"},"uagb_comment_info":0,"uagb_excerpt":"Spotkania: w ka\u017cdy czwartek w ko\u015bciele Ramowy plan spotkania:18:00 Eucharystia19:00 Modlitwa \u2013 wsp\u00f3lne uwielbienie Boga19:40 Konferencja i ma\u0142e grupy lub agapa w salce (wg planu miesi\u0105ca) Plan miesi\u0105ca: Pierwszy czwartek miesi\u0105ca \u2013 Eucharystia, uwielbienie Boga, konferencja i ma\u0142e grupyDrugi czwartek miesi\u0105ca \u2013 Eucharystia, uwielbienie Boga, konferencja i agapa w salce [&hellip;]","_links":{"self":[{"href":"https:\/\/strachocin.archidiecezja.wroc.pl\/index.php?rest_route=\/wp\/v2\/pages\/24810"}],"collection":[{"href":"https:\/\/strachocin.archidiecezja.wroc.pl\/index.php?rest_route=\/wp\/v2\/pages"}],"about":[{"href":"https:\/\/strachocin.archidiecezja.wroc.pl\/index.php?rest_route=\/wp\/v2\/types\/page"}],"author":[{"embeddable":true,"href":"https:\/\/strachocin.archidiecezja.wroc.pl\/index.php?rest_route=\/wp\/v2\/users\/1"}],"replies":[{"embeddable":true,"href":"https:\/\/strachocin.archidiecezja.wroc.pl\/index.php?rest_route=%2Fwp%2Fv2%2Fcomments&post=24810"}],"version-history":[{"count":12,"href":"https:\/\/strachocin.archidiecezja.wroc.pl\/index.php?rest_route=\/wp\/v2\/pages\/24810\/revisions"}],"predecessor-version":[{"id":25035,"href":"https:\/\/strachocin.archidiecezja.wroc.pl\/index.php?rest_route=\/wp\/v2\/pages\/24810\/revisions\/25035"}],"up":[{"embeddable":true,"href":"https:\/\/strachocin.archidiecezja.wroc.pl\/index.php?rest_route=\/wp\/v2\/pages\/24834"}],"wp:attachment":[{"href":"https:\/\/strachocin.archidiecezja.wroc.pl\/index.php?rest_route=%2Fwp%2Fv2%2Fmedia&parent=24810"}],"curies":[{"name":"wp","href":"https:\/\/api.w.org\/{rel}","templated":true}]}}